{"id":408,"date":"2023-10-12T12:44:13","date_gmt":"2023-10-12T10:44:13","guid":{"rendered":"https:\/\/flusskrebse.nextron.org\/links\/"},"modified":"2024-12-13T13:56:47","modified_gmt":"2024-12-13T12:56:47","slug":"weiterfuehrende-informationen","status":"publish","type":"page","link":"https:\/\/www.kfks.ch\/fr\/weiterfuehrende-informationen\/","title":{"rendered":"Informations compl\u00e9mentaires"},"content":{"rendered":"<div id=\"pl-408\"  class=\"panel-layout\" ><div id=\"pg-408-0\"  class=\"panel-grid panel-no-style\" ><div id=\"pgc-408-0-0\"  class=\"panel-grid-cell\" >\r\n\r\n<div class=\"desktop-max-width \">\r\n\r\n<p>Nous d\u00e9clinons toute responsabilit\u00e9 pour le contenu des liens suivants. Outre les sites Internet de Suisse, on y trouve \u00e9galement des sites Internet internationaux.<\/p>\n\n<p>Si un lien ne fonctionne pas, veuillez le signaler directement \u00e0 : <a href=\"mailto:info@kfks.ch?subject=Link-Fehler\">info@kfks.ch<\/a><\/p>\n\n<p>&nbsp;<\/p>\n\n<h3>Suisse<\/h3>\n\n<p><a href=\"https:\/\/www.kvu.ch\/fr\/adresses\/chasse-peche\">Liste des services cantonaux de la p\u00eache<\/a><\/p>\n\n<p><a href=\"https:\/\/www.bafu.admin.ch\/bafu\/fr\/home.html\" target=\"_blank\">Office f\u00e9d\u00e9ral de l'environnement (OFEV)<\/a><\/p>\n\n<p><a href=\"https:\/\/www.blv.admin.ch\/blv\/fr\/home\/tiere\/tierseuchen\/uebersicht-seuchen\/alle-tierseuchen\/krebspest.html\" target=\"_blank\">Office d\u00e9d\u00e9real de la s\u00e9curit\u00e9 alimentaire et des affaires v\u00e9t\u00e9rinaires (OSAV)<\/a><\/p>\n\n<p><a href=\"https:\/\/www.fiwi.vetsuisse.unibe.ch\/\">Institut pour la sant\u00e9 des poissons et de la faune sauvage (Universit\u00e9 Berne)<\/a><\/p>\n\n<p><a href=\"https:\/\/www.infofauna.ch\/fr#gsc.tab=0\" target=\"_blank\">info fauna \u2013 Centre national de donn\u00e9es et d'informations sur la faune de Suisse<\/a><\/p>\n\n<p><a href=\"https:\/\/www.bafu.admin.ch\/bafu\/fr\/home\/themes\/biodiversite\/publications\/publications-biodiversite\/plan-d-action-ecrevisses.html\" target=\"_blank\">Plan d\u2019action \u00e9crevisses Suisse<\/a><\/p>\n\n<p><a href=\"https:\/\/www.bafu.admin.ch\/bafu\/fr\/home\/themes\/biodiversite\/publications\/publications-biodiversite\/liste-especes-prioritaires-nationales.html\">Liste des esp\u00e8ces et des milieux prioritaires au niveau national<\/a><\/p>\n\n<p>&nbsp;<\/p>\n<\/div>\r\n\r\n<\/div><\/div><div id=\"pg-408-1\"  class=\"panel-grid panel-no-style\" ><div id=\"pgc-408-1-0\"  class=\"panel-grid-cell\" >\r\n\r\n<div class=\"desktop-max-width \">\r\n\r\n<h3><br \/>\nInternational<\/h3>\n<\/div>\r\n\r\n<\/div><\/div><div id=\"pg-408-2\"  class=\"panel-grid panel-no-style\" ><div id=\"pgc-408-2-0\"  class=\"panel-grid-cell\" ><div id=\"panel-408-2-0-0\" class=\"so-panel widget widget_media_image panel-first-child panel-last-child\" data-index=\"2\" ><a href=\"https:\/\/www.edelkrebsprojektnrw.de\"><img loading=\"lazy\" decoding=\"async\" width=\"300\" height=\"104\" src=\"https:\/\/www.kfks.ch\/wp-content\/uploads\/2024\/04\/logo_edelkrebsprojekt_nrw_lang-1-300x104.png\" class=\"image wp-image-3475  attachment-medium size-medium\" alt=\"\" style=\"max-width: 100%; height: auto;\" srcset=\"https:\/\/www.kfks.ch\/wp-content\/uploads\/2024\/04\/logo_edelkrebsprojekt_nrw_lang-1-300x104.png 300w, https:\/\/www.kfks.ch\/wp-content\/uploads\/2024\/04\/logo_edelkrebsprojekt_nrw_lang-1.png 431w\" sizes=\"auto, (max-width: 300px) 85vw, 300px\" \/><\/a><\/div><\/div><div id=\"pgc-408-2-1\"  class=\"panel-grid-cell\" >\r\n\r\n<div class=\"desktop-max-width \">\r\n\r\n<p>Le projet \u00e9crevisse de Rh\u00e9nanie-du-Nord-Westphalie a pour objectif de prot\u00e9ger et de promouvoir les deux esp\u00e8ces d'\u00e9crevisses indig\u00e8nes, l'\u00e9crevisse \u00e0 pattes rouges et l'\u00e9crevisse des torrents. Au c\u0153ur du projet se trouve la mise en \u0153uvre de mesures visant \u00e0 r\u00e9duire la propagation des esp\u00e8ces d'\u00e9crevisses am\u00e9ricaines naturalis\u00e9es et de la peste mortelle de l'\u00e9crevisse qu'elles transmettent. La peste de l'\u00e9crevisse est une maladie \u00e9pid\u00e9mique, presque toujours mortelle, qui repr\u00e9sente de loin la plus grande menace pour les \u00e9crevisses nobles et les \u00e9crevisses \u00e0 pattes rouges.<\/p>\n\n<p>&nbsp;<\/p>\n<\/div>\r\n\r\n<\/div><\/div><div id=\"pg-408-3\"  class=\"panel-grid panel-no-style\" ><div id=\"pgc-408-3-0\"  class=\"panel-grid-cell\" ><div id=\"panel-408-3-0-0\" class=\"so-panel widget widget_media_image panel-first-child panel-last-child\" data-index=\"4\" ><a href=\"https:\/\/www.edelkrebsprojektnrw.de\"><img loading=\"lazy\" decoding=\"async\" width=\"300\" height=\"137\" src=\"https:\/\/www.kfks.ch\/wp-content\/uploads\/2024\/04\/cropped-BZG-Logo-Text-400-1-300x137.png\" class=\"image wp-image-3495  attachment-medium size-medium\" alt=\"\" style=\"max-width: 100%; height: auto;\" srcset=\"https:\/\/www.kfks.ch\/wp-content\/uploads\/2024\/04\/cropped-BZG-Logo-Text-400-1-300x137.png 300w, https:\/\/www.kfks.ch\/wp-content\/uploads\/2024\/04\/cropped-BZG-Logo-Text-400-1.png 400w\" sizes=\"auto, (max-width: 300px) 85vw, 300px\" \/><\/a><\/div><\/div><div id=\"pgc-408-3-1\"  class=\"panel-grid-cell\" >\r\n\r\n<div class=\"desktop-max-width \">\r\n\r\n<p>Le groupe de travail \u00e9crevisses de la Soci\u00e9t\u00e9 botanique et zoologique BZG Liechtenstein-Sargans-Werdenberg a \u00e9t\u00e9 cr\u00e9\u00e9 en 2010. Le document de fondation donne des informations sur le groupe de travail et ses objectifs.<\/p>\n\n<p>\u00a0<\/p>\n<\/div>\r\n\r\n<\/div><\/div><div id=\"pg-408-4\"  class=\"panel-grid panel-no-style\" ><div id=\"pgc-408-4-0\"  class=\"panel-grid-cell\" ><div id=\"panel-408-4-0-0\" class=\"so-panel widget widget_media_image panel-first-child panel-last-child\" data-index=\"6\" ><a href=\"http:\/\/www.forum-flusskrebse.org\"><img loading=\"lazy\" decoding=\"async\" width=\"300\" height=\"73\" src=\"https:\/\/www.kfks.ch\/wp-content\/uploads\/2024\/12\/Logo-forum-flusskrebse-300x73.png\" class=\"image wp-image-6203  attachment-medium size-medium\" alt=\"\" style=\"max-width: 100%; height: auto;\" srcset=\"https:\/\/www.kfks.ch\/wp-content\/uploads\/2024\/12\/Logo-forum-flusskrebse-300x73.png 300w, https:\/\/www.kfks.ch\/wp-content\/uploads\/2024\/12\/Logo-forum-flusskrebse-1024x248.png 1024w, https:\/\/www.kfks.ch\/wp-content\/uploads\/2024\/12\/Logo-forum-flusskrebse-768x186.png 768w, https:\/\/www.kfks.ch\/wp-content\/uploads\/2024\/12\/Logo-forum-flusskrebse.png 1112w\" sizes=\"auto, (max-width: 300px) 85vw, 300px\" \/><\/a><\/div><\/div><div id=\"pgc-408-4-1\"  class=\"panel-grid-cell\" >\r\n\r\n<div class=\"desktop-max-width \">\r\n\r\n<p>Le <em>forum flusskrebse <\/em>a \u00e9t\u00e9 fond\u00e9 \u00e0 la fin du congr\u00e8s international sur les \u00e9crevisses \u00e0 Gaming \/ Autriche par des experts en \u00e9crevisses d'Autriche, d'Allemagne, de Suisse et d'Italie. Nous sommes une association internationale qui se concentre sur l'espace germanophone et qui entretient des contacts \u00e9troits avec l'IAA (International Association of Astacology). L'objectif principal du forum \u00e9crevisses est la protection des \u00e9crevisses indig\u00e8nes et de leurs habitats.<\/p>\n\n<p>&nbsp;<\/p>\n<\/div>\r\n\r\n<\/div><\/div><div id=\"pg-408-5\"  class=\"panel-grid panel-no-style\" ><div id=\"pgc-408-5-0\"  class=\"panel-grid-cell\" ><div id=\"panel-408-5-0-0\" class=\"so-panel widget widget_media_image panel-first-child panel-last-child\" data-index=\"8\" ><a href=\"https:\/\/www.astacology.org\/\"><img loading=\"lazy\" decoding=\"async\" width=\"300\" height=\"46\" src=\"https:\/\/www.kfks.ch\/wp-content\/uploads\/2024\/12\/iaa-300x46.jpg\" class=\"image wp-image-6206  attachment-medium size-medium\" alt=\"\" style=\"max-width: 100%; height: auto;\" srcset=\"https:\/\/www.kfks.ch\/wp-content\/uploads\/2024\/12\/iaa-300x46.jpg 300w, https:\/\/www.kfks.ch\/wp-content\/uploads\/2024\/12\/iaa.jpg 328w\" sizes=\"auto, (max-width: 300px) 85vw, 300px\" \/><\/a><\/div><\/div><div id=\"pgc-408-5-1\"  class=\"panel-grid-cell\" >\r\n\r\n<div class=\"desktop-max-width \">\r\n\r\n<p>L'IAA a \u00e9t\u00e9 fond\u00e9e en 1972 en Autriche. Toute personne ou entreprise int\u00e9ress\u00e9e par la promotion de l'\u00e9tude de l'astacologie peut devenir membre. Un bulletin d'information (Crayfish News) est publi\u00e9 tous les trimestres et un symposium international est organis\u00e9 tous les deux ans. En outre, la revue <span style=\"font-size:11.0pt\">\u00ab <\/span>Freshwater Crayfish&nbsp;<span style=\"font-size:11pt\">\u00bb<\/span> est publi\u00e9e une \u00e0 deux fois par an.<\/p>\n\n<p>L'objectif de l'association est de promouvoir la recherche scientifique, la conservation et l'utilisation judicieuse des crustac\u00e9s d'eau douce. Les principaux objectifs de l'association sont la diffusion des r\u00e9sultats de la recherche sur les \u00e9crevisses et le d\u00e9veloppement d'un forum international pour la libre discussion des probl\u00e8mes concernant les \u00e9crevisses.<\/p>\n\n<p>&nbsp;<\/p>\n<\/div>\r\n\r\n<\/div><\/div><div id=\"pg-408-6\"  class=\"panel-grid panel-no-style\" ><div id=\"pgc-408-6-0\"  class=\"panel-grid-cell\" >\r\n\r\n<div class=\"desktop-max-width \">\r\n\r\n<h3><br \/>\nVid\u00e9os (allemande)<\/h3>\n<\/div>\r\n\r\n<\/div><\/div><div id=\"pg-408-7\"  class=\"panel-grid panel-no-style\" ><div id=\"pgc-408-7-0\"  class=\"panel-grid-cell\" >\r\n\r\n<div class=\"desktop-max-width mobile__only\">\r\n\r\n<p><a href=\"https:\/\/www.srf.ch\/play\/tv\/netz-natur\/video\/die-verrueckten?urn=urn:srf:video:e4cb1471-5c19-4a74-8ea0-8cc2df383e12\" target=\"_blank\"><strong>SRF NETZ NATUR: Die Verr\u00fcckten<\/strong><\/a><\/p>\n<\/div>\r\n\r\n<div class=\"imagebox align-left \">\r\n<div class=\"imgboxinr\">\r\n        \r\n        <a href=\"https:\/\/www.srf.ch\/play\/tv\/netz-natur\/video\/die-verrueckten?urn=urn:srf:video:e4cb1471-5c19-4a74-8ea0-8cc2df383e12\" target=\"_blank\">    <img decoding=\"async\" src=\"https:\/\/www.kfks.ch\/wp-content\/uploads\/2024\/04\/netznatur_dieverrueckten.jpg\" alt=\"\" class=\"responsive-image\">\r\n\t<\/a>\t    \r\n    \r\n<\/div>\r\n<\/div>\r\n<\/div><div id=\"pgc-408-7-1\"  class=\"panel-grid-cell\" >\r\n\r\n<div class=\"desktop-max-width desktop__only\">\r\n\r\n<p><a href=\"https:\/\/www.srf.ch\/play\/tv\/netz-natur\/video\/die-verrueckten?urn=urn:srf:video:e4cb1471-5c19-4a74-8ea0-8cc2df383e12\" target=\"_blank\"><strong>SRF NETZ NATUR: Die Verr\u00fcckten<\/strong><\/a><\/p>\n<\/div>\r\n\r\n\r\n\r\n<div class=\"desktop-max-width \">\r\n\r\n<p>NETZ NATUR-Sendung vom 13.09.2007: Verr\u00fcckt, wenn sich auf den Weihnachtsinseln allj\u00e4hrlich 60 Millionen rote Landkrabben auf den Weg ans Meer machen. Verr\u00fcckt auch, wie sich kleine Planktonkrebschen in Salinen wohlf\u00fchlen, die so salzig sind, dass dort kaum ein anderes Tier \u00fcberleben kann. In einer verr\u00fcckten Sendung zeigt NETZ Natur die unglaubliche Vielfalt der Krebse und ihre Wichtigkeit in der Natur.<\/p>\n\n<p>&nbsp;<\/p>\n<\/div>\r\n\r\n<\/div><\/div><div id=\"pg-408-8\"  class=\"panel-grid panel-no-style\" ><div id=\"pgc-408-8-0\"  class=\"panel-grid-cell\" >\r\n\r\n<div class=\"desktop-max-width mobile__only\">\r\n\r\n<p><strong><a href=\"https:\/\/www.srf.ch\/sendungen\/netz-natur\/krebse-das-grosse-fressen\" target=\"_blank\">SRF Netz Natur: Krebse, das grosse Fressen<\/a><\/strong><\/p>\n<\/div>\r\n\r\n<div class=\"imagebox align-left \">\r\n<div class=\"imgboxinr\">\r\n        \r\n        <a href=\"https:\/\/www.srf.ch\/play\/tv\/netz-natur\/video\/das-grosse-fressen?urn=urn:srf:video:e3367b0e-4563-4530-9d5a-b9c0341d87e7\" target=\"_blank\">    <img decoding=\"async\" src=\"https:\/\/www.kfks.ch\/wp-content\/uploads\/2024\/04\/netznatur_dasgrossefressen.jpg\" alt=\"\" class=\"responsive-image\">\r\n\t<\/a>\t    \r\n    \r\n<\/div>\r\n<\/div>\r\n<\/div><div id=\"pgc-408-8-1\"  class=\"panel-grid-cell\" >\r\n\r\n<div class=\"desktop-max-width desktop__only\">\r\n\r\n<p><strong><a href=\"https:\/\/www.srf.ch\/sendungen\/netz-natur\/krebse-das-grosse-fressen\" target=\"_blank\">SRF Netz Natur: Krebse, das grosse Fressen<\/a><\/strong><\/p>\n<\/div>\r\n\r\n\r\n\r\n<div class=\"desktop-max-width \">\r\n\r\n<p>NETZ NATUR-Sendung vom 28.12.2006: Krebse sind gefr\u00e4ssig, wo immer sie auftauchen. Und viele sind auch selbst delikat&nbsp;\u2013 was ihnen immer wieder zum Verh\u00e4ngnis wird. \u00d6kologisch sind sie unentbehrlich&nbsp;\u2013 was uns Menschen kaum bewusst ist, wenn wir nur an Delikatessen denken. \u00abNETZ Natur\u00bb stellt deshalb Krustentiere vor&nbsp;\u2013 auf dem Teller und in der Natur.<\/p>\n\n<p>&nbsp;<\/p>\n<\/div>\r\n\r\n<\/div><\/div><div id=\"pg-408-9\"  class=\"panel-grid panel-no-style\" ><div id=\"pgc-408-9-0\"  class=\"panel-grid-cell\" >\r\n\r\n<div class=\"desktop-max-width mobile__only\">\r\n\r\n<p><strong><a href=\"https:\/\/www.youtube.com\/watch?v=tXRgLgNA4IQ\">Krebspest durch Fischbesatz<\/a><\/strong><\/p>\n<\/div>\r\n\r\n<div class=\"imagebox align-left \">\r\n<div class=\"imgboxinr\">\r\n        \r\n        <a href=\"https:\/\/www.youtube.com\/watch?v=tXRgLgNA4IQ\" target=\"_blank\">    <img decoding=\"async\" src=\"https:\/\/www.kfks.ch\/wp-content\/uploads\/2024\/04\/krebspest-durch-fischbesatz.jpg\" alt=\"\" class=\"responsive-image\">\r\n\t<\/a>\t    \r\n    \r\n<\/div>\r\n<\/div>\r\n<\/div><div id=\"pgc-408-9-1\"  class=\"panel-grid-cell\" >\r\n\r\n<div class=\"desktop-max-width desktop__only\">\r\n\r\n<p><strong><a href=\"https:\/\/www.youtube.com\/watch?v=tXRgLgNA4IQ\">Krebspest durch Fischbesatz<\/a><\/strong><\/p>\n<\/div>\r\n\r\n\r\n\r\n<div class=\"desktop-max-width \">\r\n\r\n<p>Umweltwissenschaftler Oliver Hauck vom Alfred-Wegener-Institut erkl\u00e4rt, worauf man bei einem Fischbesatz in Edelkrebsgew\u00e4ssern achten muss, und stellt drei Hilfsmittel f\u00fcr Fischz\u00fcchter vor, mit denen das Risiko eines Krebspesteintrags deutlich reduziert werden kann. Gehalten wurde der Vortrag am 3.6. auf der Veranstaltung <span style=\"font-size:11.0pt\">\u00ab<\/span>Alles \u00fcber Flusskrebse: Besetzen, Erhalten, Pflegen und Bek\u00e4mpfen<span style=\"font-size:11.0pt\">\u00bb<\/span> in Hannover.<\/p>\n\n<p>&nbsp;<\/p>\n<\/div>\r\n\r\n<\/div><\/div><div id=\"pg-408-10\"  class=\"panel-grid panel-no-style\" ><div id=\"pgc-408-10-0\"  class=\"panel-grid-cell\" >\r\n\r\n<div class=\"desktop-max-width mobile__only\">\r\n\r\n<p><strong><a href=\"https:\/\/www.youtube.com\/watch?v=ZxufyOT3cPw\">Die Edelkrebse verschwinden - was k\u00f6nnen wir tun?<\/a><\/strong><\/p>\n<\/div>\r\n\r\n<div class=\"imagebox align-left \">\r\n<div class=\"imgboxinr\">\r\n        \r\n        <a href=\"https:\/\/www.youtube.com\/watch?v=ZxufyOT3cPw\" target=\"_blank\">    <img decoding=\"async\" src=\"https:\/\/www.kfks.ch\/wp-content\/uploads\/2024\/04\/die-edelkrebse-verschwinden.jpg\" alt=\"\" class=\"responsive-image\">\r\n\t<\/a>\t    \r\n    \r\n<\/div>\r\n<\/div>\r\n<\/div><div id=\"pgc-408-10-1\"  class=\"panel-grid-cell\" >\r\n\r\n<div class=\"desktop-max-width desktop__only\">\r\n\r\n<p><strong><a href=\"https:\/\/www.youtube.com\/watch?v=ZxufyOT3cPw\">Die Edelkrebse verschwinden - was k\u00f6nnen wir tun?<\/a><\/strong><\/p>\n<\/div>\r\n\r\n\r\n\r\n<div class=\"desktop-max-width \">\r\n\r\n<p>Weltweit sterben immer mehr Tierarten aus. Das betrifft auch einheimische Spezies. Eine davon ist der Edelkrebs. Fand man ihn vor 150 Jahren praktisch in fast jedem Gew\u00e4sser, ist er heute stark vom Aussterben bedroht. Aber es gibt Hoffnung, denn immer mehr Angler und Vereine engagieren sich f\u00fcr den Erhalt dieser faszinierenden Tiere.<\/p>\n\n<p>&nbsp;<\/p>\n<\/div>\r\n\r\n<\/div><\/div><div id=\"pg-408-11\"  class=\"panel-grid panel-no-style\" ><div id=\"pgc-408-11-0\"  class=\"panel-grid-cell\" >\r\n\r\n<div class=\"desktop-max-width mobile__only\">\r\n\r\n<p><strong><a href=\"https:\/\/www.youtube.com\/watch?v=mCVgNBps6mo\">Wie Kalikokrebse die Artenvielfalt bedrohen - die invasive Gefahr | SWR Doku<\/a><\/strong><\/p>\n<\/div>\r\n\r\n<div class=\"imagebox align-left \">\r\n<div class=\"imgboxinr\">\r\n        \r\n        <a href=\"https:\/\/www.youtube.com\/watch?v=mCVgNBps6mo\" target=\"_blank\">    <img decoding=\"async\" src=\"https:\/\/www.kfks.ch\/wp-content\/uploads\/2024\/04\/der-allesfresser.jpg\" alt=\"\" class=\"responsive-image\">\r\n\t<\/a>\t    \r\n    \r\n<\/div>\r\n<\/div>\r\n<\/div><div id=\"pgc-408-11-1\"  class=\"panel-grid-cell\" >\r\n\r\n<div class=\"desktop-max-width desktop__only\">\r\n\r\n<p><strong><a href=\"https:\/\/www.youtube.com\/watch?v=mCVgNBps6mo\">Wie Kalikokrebse die Artenvielfalt bedrohen - die invasive Gefahr | SWR Doku<\/a><\/strong><\/p>\n<\/div>\r\n\r\n\r\n\r\n<div class=\"desktop-max-width \">\r\n\r\n<p>Sie fressen und vermehren sich im Rekordtempo \u2013 vor allem entlang des Oberrheins. Die eingewanderten Kalikokrebse bedrohen die Artenvielfalt. Die letzten R\u00fcckzugsgebiete von Amphibien sind am Oberrhein in Gefahr. Wir gehen auf Spurensuche, treffen in nur einem T\u00fcmpel auf Zehntausende von Krebsen und fragen uns: Kann die invasive Krebsart noch gestoppt werden?<\/p>\n\n<p>&nbsp;<\/p>\n<\/div>\r\n\r\n<\/div><\/div><div id=\"pg-408-12\"  class=\"panel-grid panel-no-style\" ><div id=\"pgc-408-12-0\"  class=\"panel-grid-cell\" >\r\n\r\n<div class=\"desktop-max-width \">\r\n\r\n<p>\u00a0<\/p>\n\n<p>\u00a0<\/p>\n<\/div>\r\n\r\n<\/div><\/div><\/div>","protected":false},"excerpt":{"rendered":"<p>Nous d\u00e9clinons toute responsabilit\u00e9 pour le contenu des liens suivants. Outre les sites Internet de Suisse, on y trouve \u00e9galement des sites Internet internationaux. Si un lien ne fonctionne pas, veuillez le signaler directement \u00e0 : info@kfks.ch &nbsp; Suisse Liste des services cantonaux de la p\u00eache Office f\u00e9d\u00e9ral de l&rsquo;environnement (OFEV) Office d\u00e9d\u00e9real de la &hellip; <a href=\"https:\/\/www.kfks.ch\/fr\/weiterfuehrende-informationen\/\" class=\"more-link\">Continue reading<span class=\"screen-reader-text\"> \u00ab\u00a0Informations compl\u00e9mentaires\u00a0\u00bb<\/span><\/a><\/p>\n","protected":false},"author":1,"featured_media":0,"parent":0,"menu_order":52,"comment_status":"closed","ping_status":"closed","template":"","meta":{"_acf_changed":false,"footnotes":""},"class_list":["post-408","page","type-page","status-publish","hentry"],"acf":[],"_links":{"self":[{"href":"https:\/\/www.kfks.ch\/fr\/wp-json\/wp\/v2\/pages\/408","targetHints":{"allow":["GET"]}}],"collection":[{"href":"https:\/\/www.kfks.ch\/fr\/wp-json\/wp\/v2\/pages"}],"about":[{"href":"https:\/\/www.kfks.ch\/fr\/wp-json\/wp\/v2\/types\/page"}],"author":[{"embeddable":true,"href":"https:\/\/www.kfks.ch\/fr\/wp-json\/wp\/v2\/users\/1"}],"replies":[{"embeddable":true,"href":"https:\/\/www.kfks.ch\/fr\/wp-json\/wp\/v2\/comments?post=408"}],"version-history":[{"count":132,"href":"https:\/\/www.kfks.ch\/fr\/wp-json\/wp\/v2\/pages\/408\/revisions"}],"predecessor-version":[{"id":6211,"href":"https:\/\/www.kfks.ch\/fr\/wp-json\/wp\/v2\/pages\/408\/revisions\/6211"}],"wp:attachment":[{"href":"https:\/\/www.kfks.ch\/fr\/wp-json\/wp\/v2\/media?parent=408"}],"curies":[{"name":"wp","href":"https:\/\/api.w.org\/{rel}","templated":true}]}}