{"id":394,"date":"2023-10-12T11:33:44","date_gmt":"2023-10-12T09:33:44","guid":{"rendered":"https:\/\/flusskrebse.nextron.org\/schutzmassnahmen\/"},"modified":"2024-08-08T18:23:42","modified_gmt":"2024-08-08T16:23:42","slug":"schutzmassnahmen","status":"publish","type":"page","link":"https:\/\/www.kfks.ch\/fr\/schutzmassnahmen\/","title":{"rendered":"Mesures de protection"},"content":{"rendered":"<div id=\"pl-394\"  class=\"panel-layout\" ><div id=\"pg-394-0\"  class=\"panel-grid panel-no-style\" ><div id=\"pgc-394-0-0\"  class=\"panel-grid-cell\" >\r\n\r\n<div class=\"desktop-max-width \">\r\n\r\n<p>Le <a href=\"http:\/\/www.bafu.admin.ch\/bafu\/fr\/home\/themes\/biodiversite\/publications\/publications-biodiversite\/plan-d-action-ecrevisses.html\">\u00ab Plan d'action \u00e9crevisses Suisse&nbsp;\u00bb (2011)<\/a> propose diff\u00e9rentes mesures pour prot\u00e9ger les esp\u00e8ces d'\u00e9crevisses indig\u00e8nes. Il s'agit notamment de lutter contre les esp\u00e8ces d'\u00e9crevisses non indig\u00e8nes, de r\u00e9duire leurs effectifs et d'emp\u00eacher leur propagation. La protection contre la destruction des habitats est r\u00e9gie par la loi sur la protection des eaux (<a href=\"https:\/\/www.fedlex.admin.ch\/eli\/cc\/1992\/1860_1860_1860\/fr\">LEaux<\/a>) et comprend la pr\u00e9vention des apports non souhait\u00e9s dans les eaux.<\/p>\n<\/div>\r\n\r\n<\/div><\/div><div id=\"pg-394-1\"  class=\"panel-grid panel-no-style\" ><div id=\"pgc-394-1-0\"  class=\"panel-grid-cell\" >\r\n\r\n<div class=\"desktop-max-width \">\r\n\r\n<h3>&nbsp;<\/h3>\n\n<h3>Pr\u00e9vention de la propagation d'esp\u00e8ces d'\u00e9crevisses ind\u00e9sirables<\/h3>\n<\/div>\r\n\r\n<\/div><\/div><div id=\"pg-394-2\"  class=\"panel-grid panel-no-style\" ><div id=\"pgc-394-2-0\"  class=\"panel-grid-cell\" ><div class=\"imagebox align-left \">\r\n<div class=\"imgboxinr\">\r\n        \r\n            <img decoding=\"async\" src=\"https:\/\/www.kfks.ch\/wp-content\/uploads\/2024\/08\/krebssperre.jpg\" alt=\"\" class=\"responsive-image\">\r\n\t\t    \r\n        <div class=\"image-legend\"style=\"padding-top:8px\"><p>Fig. 1: Barrage \u00e0 \u00e9crevisses avec surplomb et t\u00f4le lat\u00e9rale qui doit emp\u00eacher d'escalader l'obstacle. <\/p><\/div>\r\n    \r\n<\/div>\r\n<\/div>\r\n<\/div><div id=\"pgc-394-2-1\"  class=\"panel-grid-cell\" >\r\n\r\n<div class=\"desktop-max-width \">\r\n\r\n<p>Les barrages \u00e0 \u00e9crevisses repr\u00e9sentent la seule possibilit\u00e9 d'emp\u00eacher la propagation non anthropique des \u00e9crevisses non indig\u00e8nes. Le principe d'un barrage emp\u00eachant la migration vers l'amont dans les cours d'eau est simple : une chute verticale avec surplomb (fig. 1). Comme les \u00e9crevisses sont de bonnes grimpeuses, capables d'escalader m\u00eame des murs verticaux, il faut emp\u00eacher le sur-escalade avec des surfaces lisses. Les barrages emp\u00eachant la migration vers l'aval sont plus difficiles \u00e0 mettre en place.<\/p>\n\n<p>Aide-m\u00e9moire:<br \/>\n- <a href=\"https:\/\/www.kfks.ch\/wp-content\/uploads\/2024\/06\/mbf-06_barrages-ecrevisses-1.pdf\">Barrages pour \u00e9crevisses : construction et exp\u00e9rience (1.7MB)<\/a><\/p>\n<\/div>\r\n\r\n<\/div><\/div><div id=\"pg-394-3\"  class=\"panel-grid panel-no-style\" ><div id=\"pgc-394-3-0\"  class=\"panel-grid-cell\" >\r\n\r\n<div class=\"desktop-max-width \">\r\n\r\n<h3><br \/>\nLutte contre les esp\u00e8ces d'\u00e9crevisses ind\u00e9sirables<\/h3>\n<\/div>\r\n\r\n<\/div><\/div><div id=\"pg-394-4\"  class=\"panel-grid panel-no-style\" ><div id=\"pgc-394-4-0\"  class=\"panel-grid-cell\" ><div class=\"imagebox align-left \">\r\n<div class=\"imgboxinr\">\r\n        \r\n            <img decoding=\"async\" src=\"https:\/\/www.kfks.ch\/wp-content\/uploads\/2024\/08\/trockener-bach.jpg\" alt=\"\" class=\"responsive-image\">\r\n\t\t    \r\n        <div class=\"image-legend\"style=\"padding-top:8px\"><p>Fig. 2: L'ass\u00e8chement ou le comblement d'un eau est consid\u00e9r\u00e9 comme la meilleure m\u00e9thode pour \u00e9liminer totalement les esp\u00e8ces d'\u00e9crevisses ind\u00e9sirables. <\/p><\/div>\r\n    \r\n<\/div>\r\n<\/div>\r\n<\/div><div id=\"pgc-394-4-1\"  class=\"panel-grid-cell\" >\r\n\r\n<div class=\"desktop-max-width \">\r\n\r\n<p>La mise en \u0153uvre de campagnes d'\u00e9limination est souvent difficile et ne r\u00e9ussit g\u00e9n\u00e9ralement que dans des eaux isol\u00e9s. Les mesures drastiques, comme l'ass\u00e8chement d'un cours d'eau pendant plusieurs ann\u00e9es ou son comblement (fig. 2), sont les plus prometteuses. Le pr\u00e9l\u00e8vement d'\u00e9crevisses n'entra\u00eene une r\u00e9duction sensible des effectifs que dans de rares cas et uniquement en cas d'utilisation intensive et constante. Il faut alors retirer les \u00e9crevisses de tous \u00e2ges et augmenter encore la pression sur les \u00e9crevisses en introduisant des poissons pr\u00e9dateurs.<\/p>\n\n<p>L'exploitation d'esp\u00e8ces d'\u00e9crevisses invasives comporte le risque que les \u00e9crevisses soient introduites dans d'autres cours d'eau afin de pouvoir continuer \u00e0 les exploiter par la suite. De plus, lors de l'exploitation, seuls les grands sp\u00e9cimens int\u00e9ressants d'un point de vue culinaire sont captur\u00e9s. Les places lib\u00e9r\u00e9es sont rapidement occup\u00e9es par de jeunes individus, ce qui peut finalement conduire \u00e0 une population plus dense.<\/p>\n\n<p>Article:<br \/>\n- <a href=\"https:\/\/www.kfks.ch\/fr\/quel-est-linteret-reel-de-lutilisation-de-nasses-pour-lutter-contre-les-ecrevisses-invasives\/\">Quel est l'int\u00e9r\u00eat r\u00e9el de l'utilisation de nasses pour lutter contre les \u00e9crevisses invasives ?<\/a><\/p>\n<\/div>\r\n\r\n<\/div><\/div><div id=\"pg-394-5\"  class=\"panel-grid panel-no-style\" ><div id=\"pgc-394-5-0\"  class=\"panel-grid-cell\" >\r\n\r\n<div class=\"desktop-max-width \">\r\n\r\n<h3><br \/>\nProtection des \u00e9crevisses<\/h3>\n<\/div>\r\n\r\n<\/div><\/div><div id=\"pg-394-6\"  class=\"panel-grid panel-no-style\" ><div id=\"pgc-394-6-0\"  class=\"panel-grid-cell\" ><div class=\"imagebox align-left \">\r\n<div class=\"imgboxinr\">\r\n        \r\n            <img decoding=\"async\" src=\"https:\/\/www.kfks.ch\/wp-content\/uploads\/2024\/08\/desinfektion.jpg\" alt=\"\" class=\"responsive-image\">\r\n\t\t    \r\n        <div class=\"image-legend\"style=\"padding-top:8px\"><p>Fig. 3: La d\u00e9sinfection des bottes, de l'\u00e9quipement ou des engins de chantier permet d'\u00e9viter la propagation de la peste des \u00e9crevisses. <\/p><\/div>\r\n    \r\n<\/div>\r\n<\/div>\r\n<\/div><div id=\"pgc-394-6-1\"  class=\"panel-grid-cell\" >\r\n\r\n<div class=\"desktop-max-width \">\r\n\r\n<p>Diff\u00e9rents acteurs pr\u00e9sents sur le cours d'eau peuvent contribuer \u00e0 la propagation de la peste de l'\u00e9crevisse. Lors de travaux de construction, l'habitat peut \u00eatre d\u00e9truit ou l'aphanomycose introduite. De m\u00eame, les personnes pratiquant des activit\u00e9s de loisirs ou les p\u00eacheurs peuvent propager l'agent pathog\u00e8ne. C'est pourquoi il faut emp\u00eacher la propagation de l'agent pathog\u00e8ne lors d'un changement de cours d'eau.<\/p>\n\n<p>Aide-m\u00e9moires:<br \/>\n- <a href=\"https:\/\/www.kfks.ch\/wp-content\/uploads\/2024\/06\/mbf-05_protection-ecrevisses-indigenes.pdf\">Protection des populations d'\u00e9crevisses indig\u00e8nes (1.8MB)<\/a><br \/>\n- <a href=\"https:\/\/www.kfks.ch\/wp-content\/uploads\/2024\/06\/mbf-07_projet-de-construction.pdf\">Projets de construction dans les eaux \u00e0 \u00e9crevisses (3.5MB)<\/a><br \/>\n- <a href=\"https:\/\/www.kfks.ch\/wp-content\/uploads\/2024\/06\/mbf-03_prevention-propagation-peste.pdf\">Pr\u00e9vention de la propagation de la peste de l'\u00e9crevisse (1MB)<\/a><\/p>\n\n<p>&nbsp;<\/p>\n\n<p>&nbsp;<\/p>\n<\/div>\r\n\r\n<\/div><\/div><\/div>","protected":false},"excerpt":{"rendered":"<p>Le \u00ab Plan d&rsquo;action \u00e9crevisses Suisse&nbsp;\u00bb (2011) propose diff\u00e9rentes mesures pour prot\u00e9ger les esp\u00e8ces d&rsquo;\u00e9crevisses indig\u00e8nes. Il s&rsquo;agit notamment de lutter contre les esp\u00e8ces d&rsquo;\u00e9crevisses non indig\u00e8nes, de r\u00e9duire leurs effectifs et d&#8217;emp\u00eacher leur propagation. La protection contre la destruction des habitats est r\u00e9gie par la loi sur la protection des eaux (LEaux) et comprend &hellip; <a href=\"https:\/\/www.kfks.ch\/fr\/schutzmassnahmen\/\" class=\"more-link\">Continue reading<span class=\"screen-reader-text\"> \u00ab\u00a0Mesures de protection\u00a0\u00bb<\/span><\/a><\/p>\n","protected":false},"author":1,"featured_media":0,"parent":0,"menu_order":48,"comment_status":"closed","ping_status":"closed","template":"","meta":{"_acf_changed":false,"footnotes":""},"class_list":["post-394","page","type-page","status-publish","hentry"],"acf":[],"_links":{"self":[{"href":"https:\/\/www.kfks.ch\/fr\/wp-json\/wp\/v2\/pages\/394","targetHints":{"allow":["GET"]}}],"collection":[{"href":"https:\/\/www.kfks.ch\/fr\/wp-json\/wp\/v2\/pages"}],"about":[{"href":"https:\/\/www.kfks.ch\/fr\/wp-json\/wp\/v2\/types\/page"}],"author":[{"embeddable":true,"href":"https:\/\/www.kfks.ch\/fr\/wp-json\/wp\/v2\/users\/1"}],"replies":[{"embeddable":true,"href":"https:\/\/www.kfks.ch\/fr\/wp-json\/wp\/v2\/comments?post=394"}],"version-history":[{"count":166,"href":"https:\/\/www.kfks.ch\/fr\/wp-json\/wp\/v2\/pages\/394\/revisions"}],"predecessor-version":[{"id":5871,"href":"https:\/\/www.kfks.ch\/fr\/wp-json\/wp\/v2\/pages\/394\/revisions\/5871"}],"wp:attachment":[{"href":"https:\/\/www.kfks.ch\/fr\/wp-json\/wp\/v2\/media?parent=394"}],"curies":[{"name":"wp","href":"https:\/\/api.w.org\/{rel}","templated":true}]}}