{"id":371,"date":"2023-08-01T11:25:43","date_gmt":"2023-08-01T09:25:43","guid":{"rendered":"https:\/\/flusskrebse.nextron.org\/home\/"},"modified":"2024-12-12T14:51:40","modified_gmt":"2024-12-12T13:51:40","slug":"home","status":"publish","type":"page","link":"https:\/\/www.kfks.ch\/fr\/","title":{"rendered":"Home"},"content":{"rendered":"<div id=\"pl-371\"  class=\"panel-layout\" ><div id=\"pg-371-0\"  class=\"panel-grid panel-no-style\" ><div id=\"pgc-371-0-0\"  class=\"panel-grid-cell\" >\r\n\r\n<div class=\"desktop-max-width \">\r\n\r\n<h1>Les \u00e9crevisses constituent une partie importante de notre faune aquatique&nbsp;\u2013 que ce soit comme nourriture pour les poissons, comme \u00e9quipe de nettoyage ou comme esp\u00e8ce cl\u00e9 dans la communaut\u00e9.<\/h1>\n\n<p>En Suisse, on trouve quatre esp\u00e8ces indig\u00e8nes qui occupent des habitats et des r\u00e9gions diff\u00e9rentes du pays.<\/p>\n\n<p>&nbsp;<\/p>\n<\/div>\r\n\r\n\r\n<h3 data-id=\"\">Esp\u00e8ces indig\u00e8nes<\/h3>\r\n<div class=\"row\">\r\n    <div class=\"col col-12 col-sm-6 col-md-6 col-lg-4 col-xl-3\">\r\n    <div class=\"boxed\">\r\n        <a href=\"https:\/\/www.kfks.ch\/fr\/flusskrebse\/edelkrebs\/\" class=\"boxed-link\"><\/a>\r\n        <div class=\"image-control\" data-format=\"16:9\" style=\"background-image: url('https:\/\/www.kfks.ch\/wp-content\/uploads\/2023\/10\/astacus-astacus_big.jpg')\">\r\n        \r\n         \r\n \r\n                            <div class=\"image-label\" style=\"background-color: #ffcc33\">menac&eacute;e<\/div>\r\n                        \r\n            \r\n            <!--<div class=\"image-gradient\"><\/div>-->\r\n        <\/div>\r\n        <h4 class=\"crap-title\">\u00c9crevisse \u00e0 pattes rouges<\/h4>\r\n        <p class=\"crap-subtitle text-smaller\">Astacus astacus<\/p>\r\n    <\/div> <!--- \/.boxed --->\r\n<\/div>\r\n<div class=\"col col-12 col-sm-6 col-md-6 col-lg-4 col-xl-3\">\r\n    <div class=\"boxed\">\r\n        <a href=\"https:\/\/www.kfks.ch\/fr\/flusskrebse\/steinkrebs\/\" class=\"boxed-link\"><\/a>\r\n        <div class=\"image-control\" data-format=\"16:9\" style=\"background-image: url('https:\/\/www.kfks.ch\/wp-content\/uploads\/2023\/10\/austropotamobius-torrentium_big.jpg')\">\r\n        \r\n         \r\n \r\n                            <div class=\"image-label\" style=\"background-color: #f1873d\">fortement menac&eacute;e<\/div>\r\n                        \r\n            \r\n            <!--<div class=\"image-gradient\"><\/div>-->\r\n        <\/div>\r\n        <h4 class=\"crap-title\">\u00c9crevisse des torrents<\/h4>\r\n        <p class=\"crap-subtitle text-smaller\">Austropotamobius torrentium<\/p>\r\n    <\/div> <!--- \/.boxed --->\r\n<\/div>\r\n<div class=\"col col-12 col-sm-6 col-md-6 col-lg-4 col-xl-3\">\r\n    <div class=\"boxed\">\r\n        <a href=\"https:\/\/www.kfks.ch\/fr\/flusskrebse\/italienischer-dohlenkrebs\/\" class=\"boxed-link\"><\/a>\r\n        <div class=\"image-control\" data-format=\"16:9\" style=\"background-image: url('https:\/\/www.kfks.ch\/wp-content\/uploads\/2023\/10\/austropotamobius-pallipes_big.jpg')\">\r\n        \r\n         \r\n \r\n                            <div class=\"image-label\" style=\"background-color: #c52214\">menac&eacute;e d'extinction<\/div>\r\n                        \r\n            \r\n            <!--<div class=\"image-gradient\"><\/div>-->\r\n        <\/div>\r\n        <h4 class=\"crap-title\">\u00c9crevisse italienne<\/h4>\r\n        <p class=\"crap-subtitle text-smaller\">Austropotamobius fulcisianus<\/p>\r\n    <\/div> <!--- \/.boxed --->\r\n<\/div>\r\n<div class=\"col col-12 col-sm-6 col-md-6 col-lg-4 col-xl-3\">\r\n    <div class=\"boxed\">\r\n        <a href=\"https:\/\/www.kfks.ch\/fr\/flusskrebse\/dohlenkrebs\/\" class=\"boxed-link\"><\/a>\r\n        <div class=\"image-control\" data-format=\"16:9\" style=\"background-image: url('https:\/\/www.kfks.ch\/wp-content\/uploads\/2023\/10\/austropotamobius-pallipes_big.jpg')\">\r\n        \r\n         \r\n \r\n                            <div class=\"image-label\" style=\"background-color: #f1873d\">fortement menac&eacute;e<\/div>\r\n                        \r\n            \r\n            <!--<div class=\"image-gradient\"><\/div>-->\r\n        <\/div>\r\n        <h4 class=\"crap-title\">\u00c9crevisse \u00e0 pattes blanches<\/h4>\r\n        <p class=\"crap-subtitle text-smaller\">Austropotamobius pallipes<\/p>\r\n    <\/div> <!--- \/.boxed --->\r\n<\/div>\r\n\r\n\r\n    \r\n\r\n<\/div><br><br>\r\n<\/div><\/div><div id=\"pg-371-1\"  class=\"panel-grid panel-no-style\" ><div id=\"pgc-371-1-0\"  class=\"panel-grid-cell\" >\r\n\r\n<div class=\"desktop-max-width \">\r\n\r\n<h2>Leur pr\u00e9sence est toutefois menac\u00e9e.<\/h2>\n\n<p>Outre la destruction des habitats, la pollution des eaux et les esp\u00e8ces d'\u00e9crevisses non indig\u00e8nes sont notamment \u00e0 l'origine de la forte diminution des populations indig\u00e8nes.<\/p>\n\n<p>&nbsp;<\/p>\n<\/div>\r\n\r\n\r\n<h3 data-id=\"\">Esp\u00e8ces non indig\u00e8nes<\/h3>\r\n<div class=\"row\">\r\n    <div class=\"col col-12 col-sm-6 col-md-6 col-lg-4 col-xl-3\">\r\n    <div class=\"boxed\">\r\n        <a href=\"https:\/\/www.kfks.ch\/fr\/flusskrebse\/roter-amerikanischer-sumpfkrebs\/\" class=\"boxed-link\"><\/a>\r\n        <div class=\"image-control\" data-format=\"16:9\" style=\"background-image: url('https:\/\/www.kfks.ch\/wp-content\/uploads\/2023\/10\/detail-6.jpg')\">\r\n        \r\n         \r\n \r\n                            <div class=\"image-label\" style=\"background-color: #000000\">esp&egrave;ce invasive<\/div>\r\n                        \r\n            \r\n            <!--<div class=\"image-gradient\"><\/div>-->\r\n        <\/div>\r\n        <h4 class=\"crap-title\">\u00c9crevisse rouge de Louisiane<\/h4>\r\n        <p class=\"crap-subtitle text-smaller\">Procambarus clarkii<\/p>\r\n    <\/div> <!--- \/.boxed --->\r\n<\/div>\r\n<div class=\"col col-12 col-sm-6 col-md-6 col-lg-4 col-xl-3\">\r\n    <div class=\"boxed\">\r\n        <a href=\"https:\/\/www.kfks.ch\/fr\/flusskrebse\/galizischer-sumpfkrebs\/\" class=\"boxed-link\"><\/a>\r\n        <div class=\"image-control\" data-format=\"16:9\" style=\"background-image: url('https:\/\/www.kfks.ch\/wp-content\/uploads\/2023\/10\/detail-5.jpg')\">\r\n        \r\n         \r\n \r\n                            <div class=\"image-label\" style=\"background-color: #666666\">esp&egrave;ce ind&eacute;sirable<\/div>\r\n                        \r\n            \r\n            <!--<div class=\"image-gradient\"><\/div>-->\r\n        <\/div>\r\n        <h4 class=\"crap-title\">\u00c9crevisse \u00e0 pattes gr\u00eales<\/h4>\r\n        <p class=\"crap-subtitle text-smaller\">Pontastacus leptodactylus<\/p>\r\n    <\/div> <!--- \/.boxed --->\r\n<\/div>\r\n<div class=\"col col-12 col-sm-6 col-md-6 col-lg-4 col-xl-3\">\r\n    <div class=\"boxed\">\r\n        <a href=\"https:\/\/www.kfks.ch\/fr\/flusskrebse\/signalkrebs\/\" class=\"boxed-link\"><\/a>\r\n        <div class=\"image-control\" data-format=\"16:9\" style=\"background-image: url('https:\/\/www.kfks.ch\/wp-content\/uploads\/2023\/10\/detail-4.jpg')\">\r\n        \r\n         \r\n \r\n                            <div class=\"image-label\" style=\"background-color: #000000\">esp&egrave;ce invasive<\/div>\r\n                        \r\n            \r\n            <!--<div class=\"image-gradient\"><\/div>-->\r\n        <\/div>\r\n        <h4 class=\"crap-title\">\u00c9crevisse signal<\/h4>\r\n        <p class=\"crap-subtitle text-smaller\">Pacifastacus leniusculus<\/p>\r\n    <\/div> <!--- \/.boxed --->\r\n<\/div>\r\n<div class=\"col col-12 col-sm-6 col-md-6 col-lg-4 col-xl-3\">\r\n    <div class=\"boxed\">\r\n        <a href=\"https:\/\/www.kfks.ch\/fr\/flusskrebse\/kamberkrebs\/\" class=\"boxed-link\"><\/a>\r\n        <div class=\"image-control\" data-format=\"16:9\" style=\"background-image: url('https:\/\/www.kfks.ch\/wp-content\/uploads\/2023\/10\/detail-3.jpg')\">\r\n        \r\n         \r\n \r\n                            <div class=\"image-label\" style=\"background-color: #000000\">esp&egrave;ce invasive<\/div>\r\n                        \r\n            \r\n            <!--<div class=\"image-gradient\"><\/div>-->\r\n        <\/div>\r\n        <h4 class=\"crap-title\">\u00c9crevisse am\u00e9ricaine<\/h4>\r\n        <p class=\"crap-subtitle text-smaller\">Faxonius limosus<\/p>\r\n    <\/div> <!--- \/.boxed --->\r\n<\/div>\r\n\r\n\r\n    \r\n\r\n<\/div><br><br>\r\n<\/div><\/div><div id=\"pg-371-2\"  class=\"panel-grid panel-no-style\" ><div id=\"pgc-371-2-0\"  class=\"panel-grid-cell\" >\r\n<h2>Nouvelles et actualit\u00e9s<\/h2>\r\n<div class=\"row\">\r\n        <div class=\"col col-12 col-sm-6 col-md-6 col-lg-4 col-xl-3\">\r\n        <div class=\"boxed\">\r\n            <a href=\"https:\/\/www.kfks.ch\/fr\/etat-ecologique-des-ruisseaux-suisses\/\" class=\"boxed-link\"><\/a>\r\n            <div class=\"image-control\" data-format=\"16:9\" style=\"background-image: url('https:\/\/www.kfks.ch\/wp-content\/uploads\/2024\/08\/Bach-Alter-Teich-Riehen.jpg')\">\r\n                <!--<div class=\"image-gradient\"><\/div>-->\r\n            <\/div>\r\n            <h4>\u00c9tat \u00e9cologique des ruisseaux suisses<\/h4>\r\n            \r\n                       <p class=\"text-smaller\">L'eawag a analys\u00e9 l'\u00e9tat \u00e9cologique de 99 ruisseaux suisses \u00e0 l'aide des bioindicateurs que sont...<\/p>\r\n                    <\/div> <!--- \/.boxed --->\r\n    <\/div>\r\n        <div class=\"col col-12 col-sm-6 col-md-6 col-lg-4 col-xl-3\">\r\n        <div class=\"boxed\">\r\n            <a href=\"https:\/\/www.kfks.ch\/fr\/mort-decrevisses-a-gretzenbach\/\" class=\"boxed-link\"><\/a>\r\n            <div class=\"image-control\" data-format=\"16:9\" style=\"background-image: url('https:\/\/www.kfks.ch\/wp-content\/uploads\/2024\/08\/Dohlenkrebs-Gretzenbach.jpg')\">\r\n                <!--<div class=\"image-gradient\"><\/div>-->\r\n            <\/div>\r\n            <h4>Mort d&rsquo;\u00e9crevisses \u00e0 Gretzenbach<\/h4>\r\n            \r\n                       <p class=\"text-smaller\">L&rsquo;introduction d&rsquo;une substance toxique a an\u00e9anti la population d&rsquo;\u00e9crevisses \u00e0 pattes blanches du Gretzenbach canton...<\/p>\r\n                    <\/div> <!--- \/.boxed --->\r\n    <\/div>\r\n        <div class=\"col col-12 col-sm-6 col-md-6 col-lg-4 col-xl-3\">\r\n        <div class=\"boxed\">\r\n            <a href=\"https:\/\/www.kfks.ch\/fr\/congres-internationale-des-ecrevisses-de-liaa-2024-en-croatie\/\" class=\"boxed-link\"><\/a>\r\n            <div class=\"image-control\" data-format=\"16:9\" style=\"background-image: url('https:\/\/www.kfks.ch\/wp-content\/uploads\/2024\/04\/iaa2024.jpg')\">\r\n                <!--<div class=\"image-gradient\"><\/div>-->\r\n            <\/div>\r\n            <h4>Congr\u00e8s internationale des \u00e9crevisses de l&rsquo;IAA 2024 en Croatie<\/h4>\r\n            \r\n                       <p class=\"text-smaller\">Le congr\u00e8s international se d\u00e9roulera du 15 au 21 septembre \u00e0 Zagreb, en Croatie. Un...<\/p>\r\n                    <\/div> <!--- \/.boxed --->\r\n    <\/div>\r\n        <div class=\"col col-12 col-sm-6 col-md-6 col-lg-4 col-xl-3\">\r\n        <div class=\"boxed\">\r\n            <a href=\"https:\/\/www.kfks.ch\/fr\/formation-captures-des-animaux-sauvages\/\" class=\"boxed-link\"><\/a>\r\n            <div class=\"image-control\" data-format=\"16:9\" style=\"background-image: url('https:\/\/www.kfks.ch\/wp-content\/uploads\/2024\/02\/ausbildung-wtk-1.jpg')\">\r\n                <!--<div class=\"image-gradient\"><\/div>-->\r\n            <\/div>\r\n            <h4>Formation \u00abcaptures des animaux sauvages\u00bb<\/h4>\r\n            \r\n                       <p class=\"text-smaller\">La Soci\u00e9t\u00e9 Suisse de Biologie de la Faune (SSBF) permet aux biologistes et autres sp\u00e9cialistes...<\/p>\r\n                    <\/div> <!--- \/.boxed --->\r\n    <\/div>\r\n    \r\n<\/div>\r\n\r\n<br>\r\n<p class=\"page-load-more\">\r\n    <a href=\"https:\/\/www.kfks.ch\/fr\/nouvelles\/\">\r\n        <i class=\"far fa-arrow-right\"><\/i>\r\n        <small><strong>Plus de nouvelles<\/strong><\/small>\r\n    <\/a>\r\n<\/p>\r\n\r\n\r\n\r\n\r\n\r\n<\/div><\/div><\/div>","protected":false},"excerpt":{"rendered":"<p>Les \u00e9crevisses constituent une partie importante de notre faune aquatique&nbsp;\u2013 que ce soit comme nourriture pour les poissons, comme \u00e9quipe de nettoyage ou comme esp\u00e8ce cl\u00e9 dans la communaut\u00e9. En Suisse, on trouve quatre esp\u00e8ces indig\u00e8nes qui occupent des habitats et des r\u00e9gions diff\u00e9rentes du pays. &nbsp; Esp\u00e8ces indig\u00e8nes menac&eacute;e \u00c9crevisse \u00e0 pattes rouges Astacus &hellip; <a href=\"https:\/\/www.kfks.ch\/fr\/\" class=\"more-link\">Continue reading<span class=\"screen-reader-text\"> \u00ab\u00a0Home\u00a0\u00bb<\/span><\/a><\/p>\n","protected":false},"author":1,"featured_media":0,"parent":0,"menu_order":20,"comment_status":"closed","ping_status":"closed","template":"","meta":{"_acf_changed":false,"footnotes":""},"class_list":["post-371","page","type-page","status-publish","hentry"],"acf":[],"_links":{"self":[{"href":"https:\/\/www.kfks.ch\/fr\/wp-json\/wp\/v2\/pages\/371","targetHints":{"allow":["GET"]}}],"collection":[{"href":"https:\/\/www.kfks.ch\/fr\/wp-json\/wp\/v2\/pages"}],"about":[{"href":"https:\/\/www.kfks.ch\/fr\/wp-json\/wp\/v2\/types\/page"}],"author":[{"embeddable":true,"href":"https:\/\/www.kfks.ch\/fr\/wp-json\/wp\/v2\/users\/1"}],"replies":[{"embeddable":true,"href":"https:\/\/www.kfks.ch\/fr\/wp-json\/wp\/v2\/comments?post=371"}],"version-history":[{"count":28,"href":"https:\/\/www.kfks.ch\/fr\/wp-json\/wp\/v2\/pages\/371\/revisions"}],"predecessor-version":[{"id":6194,"href":"https:\/\/www.kfks.ch\/fr\/wp-json\/wp\/v2\/pages\/371\/revisions\/6194"}],"wp:attachment":[{"href":"https:\/\/www.kfks.ch\/fr\/wp-json\/wp\/v2\/media?parent=371"}],"curies":[{"name":"wp","href":"https:\/\/api.w.org\/{rel}","templated":true}]}}